{"id":316,"date":"2026-01-20T20:45:17","date_gmt":"2026-01-20T20:45:17","guid":{"rendered":"https:\/\/alta.aero\/safety\/2026\/?page_id=316"},"modified":"2026-04-28T22:10:41","modified_gmt":"2026-04-28T22:10:41","slug":"agenda","status":"publish","type":"page","link":"https:\/\/alta.aero\/safety\/2026\/agenda\/","title":{"rendered":"Agenda"},"content":{"rendered":"\t\t<div data-elementor-type=\"wp-page\" data-elementor-id=\"316\" class=\"elementor elementor-316\" data-elementor-post-type=\"page\">\n\t\t\t\t<div class=\"elementor-element elementor-element-a552458 e-flex e-con-boxed e-con e-parent\" data-id=\"a552458\" data-element_type=\"container\" data-e-type=\"container\" data-settings=\"{&quot;background_background&quot;:&quot;classic&quot;}\">\n\t\t\t\t\t<div class=\"e-con-inner\">\n\t\t\t\t<div class=\"elementor-element elementor-element-0dd9469 elementor-widget elementor-widget-heading\" data-id=\"0dd9469\" data-element_type=\"widget\" data-e-type=\"widget\" data-widget_type=\"heading.default\">\n\t\t\t\t\t<h2 class=\"elementor-heading-title elementor-size-default\">CONFERENCE AGENDA<\/h2>\t\t\t\t<\/div>\n\t\t\t\t\t<\/div>\n\t\t\t\t<\/div>\n\t\t<div class=\"elementor-element elementor-element-d58d9b1 e-flex e-con-boxed e-con e-parent\" data-id=\"d58d9b1\" data-element_type=\"container\" data-e-type=\"container\" data-settings=\"{&quot;background_background&quot;:&quot;classic&quot;}\">\n\t\t\t\t\t<div class=\"e-con-inner\">\n\t\t\t\t<div class=\"elementor-element elementor-element-94e55fc elementor-widget elementor-widget-shortcode\" data-id=\"94e55fc\" data-element_type=\"widget\" data-e-type=\"widget\" data-widget_type=\"shortcode.default\">\n\t\t\t\t\t\t\t<div class=\"elementor-shortcode\"><link href=\"https:\/\/cdn.jsdelivr.net\/npm\/bootstrap@5.3.3\/dist\/css\/bootstrap.min.css\" rel=\"stylesheet\">\n\n<script src=\"https:\/\/kit.fontawesome.com\/290cb9518e.js\" crossorigin=\"anonymous\"><\/script>\n<script src=\"https:\/\/code.jquery.com\/jquery-3.1.1.js\"><\/script>\n\n<style>\n    table td {\n        background-color: white !important;\n        border: 1px solid white !important;\n        border-bottom: 1px solid #eee !important;\n        padding: 10px !important;\n    }\n\n    .nav-pills .nav-link {\n        color: white !important;\n    }\n\n    .nav-pills .nav-link.active {\n        color: white !important;\n        background-color: #70B86E !important;\n    }\n\n    .nav-pills .nav-link:hover {\n        color: white !important;\n        background-color: #70B86E !important;\n    }\n<\/style>\n\n<div class=\"row\">\n    <ul class=\"nav nav-pills mb-3 justify-content-center\" id=\"pills-tab\" role=\"tablist\">\n        <li class=\"nav-item\" role=\"presentation\">\n                                                    <button class=\"nav-link active\" id=\"pills-day16-tab\" \n                                                        data-bs-toggle=\"pill\" data-bs-target=\"#pills-day16\" \n                                                        type=\"button\" role=\"tab\" aria-controls=\"pills-day16\" \n                                                        aria-selected=\"true\">Tuesday, June 16<\/button>\n                                                  <\/li>&nbsp;<li class=\"nav-item\" role=\"presentation\">\n                                                    <button class=\"nav-link \" id=\"pills-day17-tab\" \n                                                        data-bs-toggle=\"pill\" data-bs-target=\"#pills-day17\" \n                                                        type=\"button\" role=\"tab\" aria-controls=\"pills-day17\" \n                                                        aria-selected=\"true\">Wednesday, June 17<\/button>\n                                                  <\/li>&nbsp;<li class=\"nav-item\" role=\"presentation\">\n                                                    <button class=\"nav-link \" id=\"pills-day18-tab\" \n                                                        data-bs-toggle=\"pill\" data-bs-target=\"#pills-day18\" \n                                                        type=\"button\" role=\"tab\" aria-controls=\"pills-day18\" \n                                                        aria-selected=\"true\">Thursday, June 18<\/button>\n                                                  <\/li>&nbsp;\n    <\/ul>\n    <div class=\"tab-content\" id=\"pills-tabContent\">\n        <div class=\"tab-pane fade show active\" id=\"pills-day16\" role=\"tabpanel\" aria-labelledby=\"pills-day16-tab\" tabindex=\"0\">\n                                            <table class=\"table table-borderless align-middle\"><tbody>\n                                                <tr>\n                                                                                <td style=\"width: 100px;\" class=\"text-center fw-semibold\">08:00 - 16:30<\/td>\n                                                                                <td style=\"width: 400px; text-align: left;\">Registration<\/td>\n                                                                            <\/tr><tr>\n                                                                                <td style=\"width: 100px;\" class=\"text-center fw-semibold\">08:45 - 17:15<\/td>\n                                                                                <td style=\"width: 400px; text-align: left;\">ALTA Training Committee Meeting \u2013 Private Session.<\/td>\n                                                                            <\/tr><tr>\n                                                                                <td style=\"width: 100px;\" class=\"text-center fw-semibold\">08:45 - 18:00<\/td>\n                                                                                <td style=\"width: 400px; text-align: left;\">ALTA Safety and Flight Ops Committee Meeting \u2013 Private Session<br><small class=\"text-muted\">The detailed agenda will be shared with invited participants in due course.<\/small><\/td>\n                                                                            <\/tr><tr>\n                                                                                <td style=\"width: 100px;\" class=\"text-center fw-semibold\">10:40 - 11:15<\/td>\n                                                                                <td style=\"width: 400px; text-align: left;\">Coffee Break<\/td>\n                                                                            <\/tr><tr>\n                                                                                <td style=\"width: 100px;\" class=\"text-center fw-semibold\">12:45 - 14:00<\/td>\n                                                                                <td style=\"width: 400px; text-align: left;\">Stand Up Lunch at Exhibition Area<\/td>\n                                                                            <\/tr><tr>\n                                                                                <td style=\"width: 100px;\" class=\"text-center fw-semibold\">16:00 - 16:30<\/td>\n                                                                                <td style=\"width: 400px; text-align: left;\">Coffee Break<\/td>\n                                                                            <\/tr><tr>\n                                                                                <td style=\"width: 100px;\" class=\"text-center fw-semibold\">18:00 - 19:00<\/td>\n                                                                                <td style=\"width: 400px; text-align: left;\">Final Session Happy Hour (Pre-Game World Cup Concept)<\/td>\n                                                                            <\/tr>\n                                            <\/tbody><\/table>\n                                        <\/div><div class=\"tab-pane fade \" id=\"pills-day17\" role=\"tabpanel\" aria-labelledby=\"pills-day17-tab\" tabindex=\"0\">\n                                            <table class=\"table table-borderless align-middle\"><tbody>\n                                                <tr>\n                                                                                <td style=\"width: 100px;\" class=\"text-center fw-semibold\">07:30 - 16:30<\/td>\n                                                                                <td style=\"width: 400px; text-align: left;\">Registration<\/td>\n                                                                            <\/tr><tr>\n                                                                                <td style=\"width: 100px;\" class=\"text-center fw-semibold\">08:50 - 09:20<\/td>\n                                                                                <td style=\"width: 400px; text-align: left;\">Opening Ceremony<br><small class=\"text-muted\">\u2022\tPresentation: Peter Cerd\u00e1, Executive Director and CEO \/ ALTA, and Regional Vice President, Americas \/ IATA <br \/>\r\n\u2022\tSpeech: TBC<br \/>\r\n\u2022\tSpeech: TBC<\/small><\/td>\n                                                                            <\/tr><tr>\n                                                                                <td style=\"width: 100px;\" class=\"text-center fw-semibold\">09:20 - 10:00<\/td>\n                                                                                <td style=\"width: 400px; text-align: left;\">Panel: Inside Argentinian Skies \u2013 Risks, Growth, and Readiness<br><small class=\"text-muted\">Moderator: Maria Jos\u00e9 Taveira, Country Manager Argentina \/ IATA <br \/>\r\nPanelists: <br \/>\r\n\u2022\tAerol\u00edneas Argentinas: Capt. Fernando Castillo, Safety & Security Manager<br \/>\r\n\u2022\tFlybondi: Capt. Fabian Perez, Senior Safety Manager<br \/>\r\n\u2022\tJetSMART: Rodrigo Barrios Georgi, Chief Operating Officer<br \/>\r\n\u2022\tTBC<br \/>\r\n\u2022\tTBC<\/small><\/td>\n                                                                            <\/tr><tr>\n                                                                                <td style=\"width: 100px;\" class=\"text-center fw-semibold\">10:00 - 10:25<\/td>\n                                                                                <td style=\"width: 400px; text-align: left;\">Fireside Chat: Shaping the Future of Operational Safety in LATAM & the Caribbean \u2013 Airspace Complexity, Infrastructure Gaps & Regional Resilience<br><small class=\"text-muted\">\u2022\tAlex de Gunten, Sr VP Government and Industry Affairs \/ HEICO Corporation<br \/>\r\n\u2022\tTBC<\/small><\/td>\n                                                                            <\/tr><tr>\n                                                                                <td style=\"width: 100px;\" class=\"text-center fw-semibold\">10:25 - 11:05<\/td>\n                                                                                <td style=\"width: 400px; text-align: left;\">Coffee break <\/td>\n                                                                            <\/tr><tr>\n                                                                                <td style=\"width: 100px;\" class=\"text-center fw-semibold\">11:05 - 11:30<\/td>\n                                                                                <td style=\"width: 400px; text-align: left;\">Presentation: Enhancing Airport Operational Safety Through AI-Enabled Drone Operations<br><small class=\"text-muted\">Speaker: TBC<\/small><\/td>\n                                                                            <\/tr><tr>\n                                                                                <td style=\"width: 100px;\" class=\"text-center fw-semibold\">11:30 - 12:10<\/td>\n                                                                                <td style=\"width: 400px; text-align: left;\">Panel: Safe Sustainability \u2013 Integrating Environmental Goals into Flight Operations<br><small class=\"text-muted\">Moderator: Jaime Abigantus, Assistant Director Air Traffic Management \/ IATA<br \/>\r\nPanelists: <br \/>\r\n\u2022\tTBC <br \/>\r\n\u2022\tTBC <br \/>\r\n\u2022\tBilly Nolen, Chief Regulatory Affairs \/ Archer <\/small><\/td>\n                                                                            <\/tr><tr>\n                                                                                <td style=\"width: 100px;\" class=\"text-center fw-semibold\">12:10 - 12:35<\/td>\n                                                                                <td style=\"width: 400px; text-align: left;\">Fireside Chat: Just Culture in Practice \u2013 From Policy to Real Decision-Making<br><small class=\"text-muted\">\u2022\tKatherine Andrea Lemos, Ph.D., Principal \/ DaVinci Tech Performance LLC<br \/>\r\n\u2022\tStephen Hough, Principal Consultant \/ Baines Simmons<\/small><\/td>\n                                                                            <\/tr><tr>\n                                                                                <td style=\"width: 100px;\" class=\"text-center fw-semibold\">12:35 - 14:00<\/td>\n                                                                                <td style=\"width: 400px; text-align: left;\">Lunch<\/td>\n                                                                            <\/tr><tr>\n                                                                                <td style=\"width: 100px;\" class=\"text-center fw-semibold\">14:00 - 14:45<\/td>\n                                                                                <td style=\"width: 400px; text-align: left;\">Panel: Regulatory Perspectives \u2013 Addressing Emerging Risks and Strengthening Oversight Effectiveness <br><small class=\"text-muted\">Moderator: TBC<br \/>\r\nPanelists:<br \/>\r\n\u2022\tTim Adams, Flight Standards Office \/ Federal Aviation Administration<br \/>\r\n\u2022\tAlfonso Arroyo, Representative in Latin America and Caribbean \/ EASA <br \/>\r\n\u2022\tBernardo Tomaz de Castro, Director, Safety Office \/ ANAC Brazil<br \/>\r\n\u2022\tTBC<\/small><\/td>\n                                                                            <\/tr><tr>\n                                                                                <td style=\"width: 100px;\" class=\"text-center fw-semibold\">14:45 - 15:25<\/td>\n                                                                                <td style=\"width: 400px; text-align: left;\">Panel: Turbulence, Climate Change & Extreme Weather \u2013 What Does the New Risk Landscape Demand?<br><small class=\"text-muted\">Moderator: TBC<br \/>\r\nPanelists:<br \/>\r\n\u2022\tCapt. Fernando Castillo, Safety & Security Manager \/ Aerol\u00edneas Argentinas<br \/>\r\n\u2022\tTBC <br \/>\r\n\u2022\tCapt. Wendy Morse, First Vice President \/ Air Line Pilots Association (ALPA)<br \/>\r\n\u2022\tTBC<\/small><\/td>\n                                                                            <\/tr><tr>\n                                                                                <td style=\"width: 100px;\" class=\"text-center fw-semibold\">15:25 - 16:10<\/td>\n                                                                                <td style=\"width: 400px; text-align: left;\">Coffee break <\/td>\n                                                                            <\/tr><tr>\n                                                                                <td style=\"width: 100px;\" class=\"text-center fw-semibold\">16:10 - 16:30<\/td>\n                                                                                <td style=\"width: 400px; text-align: left;\">Presentation: Flying for Safety (an experienced Boeing Captain sharing her trajectory)<br><small class=\"text-muted\">Speaker: Capt. Heather Ross, Experimental Test Pilot \/ Boeing<\/small><\/td>\n                                                                            <\/tr><tr>\n                                                                                <td style=\"width: 100px;\" class=\"text-center fw-semibold\">16:30 - 17:10<\/td>\n                                                                                <td style=\"width: 400px; text-align: left;\">Panel: Harmonizing Aviation Training Regulations in Latin America \u2013 Challenges and Opportunities<br><small class=\"text-muted\">Moderator: TBC<br \/>\r\nSpeakers:<br \/>\r\n\u2022\tTBC<br \/>\r\n\u2022\tTBC<br \/>\r\n\u2022\tTBC<br \/>\r\n\u2022\tTBC<\/small><\/td>\n                                                                            <\/tr><tr>\n                                                                                <td style=\"width: 100px;\" class=\"text-center fw-semibold\">17:10 - 17:40<\/td>\n                                                                                <td style=\"width: 400px; text-align: left;\">Special Presentation: The Next Frontier of Aviation \u2013 Technology, Innovation and Strategic Transformation in Aerospace<br><small class=\"text-muted\">Speaker: Lu\u00eds Carlos Affonso, Chief Technology Officer \/ Embraer<\/small><\/td>\n                                                                            <\/tr><tr>\n                                                                                <td style=\"width: 100px;\" class=\"text-center fw-semibold\">19:30 - 21:30<\/td>\n                                                                                <td style=\"width: 400px; text-align: left;\">Welcome Cocktail <\/td>\n                                                                            <\/tr>\n                                            <\/tbody><\/table>\n                                        <\/div><div class=\"tab-pane fade \" id=\"pills-day18\" role=\"tabpanel\" aria-labelledby=\"pills-day18-tab\" tabindex=\"0\">\n                                            <table class=\"table table-borderless align-middle\"><tbody>\n                                                <tr>\n                                                                                <td style=\"width: 100px;\" class=\"text-center fw-semibold\">07:00 - 08:30<\/td>\n                                                                                <td style=\"width: 400px; text-align: left;\">Registration<\/td>\n                                                                            <\/tr><tr>\n                                                                                <td style=\"width: 100px;\" class=\"text-center fw-semibold\">07:45 - 09:00<\/td>\n                                                                                <td style=\"width: 400px; text-align: left;\">Networking Breakfast <\/td>\n                                                                            <\/tr><tr>\n                                                                                <td style=\"width: 100px;\" class=\"text-center fw-semibold\">09:00 - 09:40<\/td>\n                                                                                <td style=\"width: 400px; text-align: left;\">Special Presentation: Leadership from the Flight Deck to the Boardroom \u2013 Lessons Shaping the Future of Aviation Safety<br><small class=\"text-muted\">Speaker: Don Enrique Rosende, former VP of Safety, Security & HSE \/ LATAM Airlines Group<\/small><\/td>\n                                                                            <\/tr><tr>\n                                                                                <td style=\"width: 100px;\" class=\"text-center fw-semibold\">09:40 - 10:20<\/td>\n                                                                                <td style=\"width: 400px; text-align: left;\">Panel: OEM Perspectives \u2013 Innovation, Reliability and the Future of Aircraft Operations<br><small class=\"text-muted\">Moderator: Gerardo Hueto, Director of Safety \/ Flight Safety Foundation<br \/>\r\nPanelists: <br \/>\r\n\u2022\tAirbus: Rodolfo Quevedo, FRAeS, Regional Safety Director, Americas<br \/>\r\n\u2022\tATR: <br \/>\r\n\u2022\tBoeing: Mike Snover, Global Safety & Regulatory Affairs, Latin America and Caribbean<br \/>\r\n\u2022\tEmbraer: Luis Telles Nunes, Head of Product Strategy<\/small><\/td>\n                                                                            <\/tr><tr>\n                                                                                <td style=\"width: 100px;\" class=\"text-center fw-semibold\">10:20 - 11:00<\/td>\n                                                                                <td style=\"width: 400px; text-align: left;\">Coffee break <\/td>\n                                                                            <\/tr><tr>\n                                                                                <td style=\"width: 100px;\" class=\"text-center fw-semibold\">11:00 - 11:45<\/td>\n                                                                                <td style=\"width: 400px; text-align: left;\">Panel: From the Front Line \u2013 Airline Safety Directors on Today\u2019s Operational Risks<br><small class=\"text-muted\">Moderator: Brice Banning, Lead Aviation Accident Investigator \/ National Transportation Safety Board (NTSB)<br \/>\r\nSpeakers:<br \/>\r\n\u2022\tTBC<br \/>\r\n\u2022\tTBC<br \/>\r\n\u2022\tCapt. \u00c1ngel Dom\u00ednguez Catz\u00edn, President \/ Colegio de Pilotos Aviadores de M\u00e9xico<br \/>\r\n\u2022\tCapt. Daniel Bianco, Executive Vice President da Sudamerica \/ IFALPA<\/small><\/td>\n                                                                            <\/tr><tr>\n                                                                                <td style=\"width: 100px;\" class=\"text-center fw-semibold\">11:45 - 12:10<\/td>\n                                                                                <td style=\"width: 400px; text-align: left;\">Presentation: Preventive Risk Assessment in Airline Operations \u2013 Using Data and AI to Anticipate Safety Threats<br><small class=\"text-muted\">Speakers: <br \/>\r\n\u2022\tRicardo Castro Valdivieso, Head of Safety Analytics \/ LATAM Airlines Group<br \/>\r\n\u2022\tFrancisco Camilo Mena Gonz\u00e1lez, Senior Data Scientist \/ LATAM Airlines Group<\/small><\/td>\n                                                                            <\/tr><tr>\n                                                                                <td style=\"width: 100px;\" class=\"text-center fw-semibold\">12:10 - 12:50<\/td>\n                                                                                <td style=\"width: 400px; text-align: left;\">Panel: Crisis Communications & Emergency Response \u2013 From the YYZ Case to Strengthening the Aviation Industry\u2019s Collective Response<br><small class=\"text-muted\">Moderator: Gianfranco Beting, CEO \/ JETGROUP<br \/>\r\nPanelists:<br \/>\r\n\u2022\tAndy Hamilton, Manager, Flight Safety SMS \/ Delta Air Lines<br \/>\r\n\u2022\tMarkus Ruediger, Assistant Director Corporate Communications \/ IATA<br \/>\r\n\u2022\tWaleska Fortini, Emergency Response Manager \/ LATAM Airlines Group<\/small><\/td>\n                                                                            <\/tr><tr>\n                                                                                <td style=\"width: 100px;\" class=\"text-center fw-semibold\">12:50 - 13:00<\/td>\n                                                                                <td style=\"width: 400px; text-align: left;\">Closing remarks<\/td>\n                                                                            <\/tr>\n                                            <\/tbody><\/table>\n                                        <\/div>\n    <\/div>\n\n<\/div>\n\n<script src=\"https:\/\/cdn.jsdelivr.net\/npm\/@popperjs\/core@2.11.6\/dist\/umd\/popper.min.js\"\n    integrity=\"sha384-oBqDVmMz9ATKxIep9tiCxS\/Z9fNfEXiDAYTujMAeBAsjFuCZSmKbSSUnQlmh\/jp3\"\n    crossorigin=\"anonymous\"><\/script>\n<script src=\"https:\/\/cdn.jsdelivr.net\/npm\/bootstrap@5.3.0-alpha2\/dist\/js\/bootstrap.min.js\"\n    integrity=\"sha384-heAjqF+bCxXpCWLa6Zhcp4fu20XoNIA98ecBC1YkdXhszjoejr5y9Q77hIrv8R9i\"\n    crossorigin=\"anonymous\"><\/script><\/div>\n\t\t\t\t\t\t<\/div>\n\t\t\t\t\t<\/div>\n\t\t\t\t<\/div>\n\t\t<div class=\"elementor-element elementor-element-cd10b3e elementor-hidden-desktop elementor-hidden-tablet elementor-hidden-mobile e-flex e-con-boxed e-con e-parent\" data-id=\"cd10b3e\" data-element_type=\"container\" data-e-type=\"container\" data-settings=\"{&quot;background_background&quot;:&quot;classic&quot;}\">\n\t\t\t\t\t<div class=\"e-con-inner\">\n\t\t\t\t<div class=\"elementor-element elementor-element-2e00f8b e-n-tabs-mobile elementor-widget elementor-widget-n-tabs\" data-id=\"2e00f8b\" data-element_type=\"widget\" data-e-type=\"widget\" data-settings=\"{&quot;tabs_justify_horizontal&quot;:&quot;center&quot;,&quot;horizontal_scroll&quot;:&quot;disable&quot;}\" data-widget_type=\"nested-tabs.default\">\n\t\t\t\t\t\t\t<div class=\"e-n-tabs\" data-widget-number=\"48238475\" aria-label=\"Tabs. Open items with Enter or Space, close with Escape and navigate using the Arrow keys.\">\n\t\t\t<div class=\"e-n-tabs-heading\" role=\"tablist\">\n\t\t\t\t\t<button id=\"e-n-tab-title-482384751\" data-tab-title-id=\"e-n-tab-title-482384751\" class=\"e-n-tab-title\" aria-selected=\"true\" data-tab-index=\"1\" role=\"tab\" tabindex=\"0\" aria-controls=\"e-n-tab-content-482384751\" style=\"--n-tabs-title-order: 1;\">\n\t\t\t\t\t\t<span class=\"e-n-tab-title-text\">\n\t\t\t\tTue, June 16\t\t\t<\/span>\n\t\t<\/button>\n\t\t\t\t<button id=\"e-n-tab-title-482384752\" data-tab-title-id=\"e-n-tab-title-482384752\" class=\"e-n-tab-title\" aria-selected=\"false\" data-tab-index=\"2\" role=\"tab\" tabindex=\"-1\" aria-controls=\"e-n-tab-content-482384752\" style=\"--n-tabs-title-order: 2;\">\n\t\t\t\t\t\t<span class=\"e-n-tab-title-text\">\n\t\t\t\tWed, June 17\t\t\t<\/span>\n\t\t<\/button>\n\t\t\t\t<button id=\"e-n-tab-title-482384753\" data-tab-title-id=\"e-n-tab-title-482384753\" class=\"e-n-tab-title\" aria-selected=\"false\" data-tab-index=\"3\" role=\"tab\" tabindex=\"-1\" aria-controls=\"e-n-tab-content-482384753\" style=\"--n-tabs-title-order: 3;\">\n\t\t\t\t\t\t<span class=\"e-n-tab-title-text\">\n\t\t\t\tThu, June 18\t\t\t<\/span>\n\t\t<\/button>\n\t\t\t\t\t<\/div>\n\t\t\t<div class=\"e-n-tabs-content\">\n\t\t\t\t<div id=\"e-n-tab-content-482384751\" role=\"tabpanel\" aria-labelledby=\"e-n-tab-title-482384751\" data-tab-index=\"1\" style=\"--n-tabs-title-order: 1;\" class=\"e-active elementor-element elementor-element-93f80c5 e-con-full e-flex e-con e-child\" data-id=\"93f80c5\" data-element_type=\"container\" data-e-type=\"container\" data-settings=\"{&quot;background_background&quot;:&quot;classic&quot;}\">\n\t\t<div class=\"elementor-element elementor-element-578ffe2 e-flex e-con-boxed e-con e-child\" data-id=\"578ffe2\" data-element_type=\"container\" data-e-type=\"container\" data-settings=\"{&quot;background_background&quot;:&quot;classic&quot;}\">\n\t\t\t\t\t<div class=\"e-con-inner\">\n\t\t\t\t<div class=\"elementor-element elementor-element-b874f1f elementor-widget elementor-widget-html\" data-id=\"b874f1f\" data-element_type=\"widget\" data-e-type=\"widget\" data-widget_type=\"html.default\">\n\t\t\t\t\t<!DOCTYPE html>\n<html lang=\"en\">\n<head>\n  <meta charset=\"UTF-8\">\n  <title>Agenda Day 2<\/title>\n<\/head>\n<body>\n\n<table border=\"1\" width=\"900\" style=\"border-collapse:collapse\">\n  <tbody>\n    <tr>\n      <td nowrap width=\"130\" style=\"padding-right:10px\">08:00 \u2013 16:30<\/td>\n      <td>Registration<\/td>\n    <\/tr>\n    <tr>\n      <td nowrap width=\"130\" style=\"padding-right:10px\">08:45 \u2013 18:00<\/td>\n      <td>\n        <strong>ALTA Safety and Flight Ops Committee Meeting \u2013 Private Session.<\/strong><br>\n        The detailed agenda will be shared with invited participants in due course.\n      <\/td>\n    <\/tr>\n    <tr>\n      <td nowrap width=\"130\" style=\"padding-right:10px\">08:45 \u2013 17:15<\/td>\n      <td>\n        <strong>ALTA Training Committee Meeting \u2013 Private Session.<\/strong><br>\n        The detailed agenda will be shared with invited participants in due course.\n      <\/td>\n    <\/tr>\n    <tr>\n      <td nowrap width=\"130\" style=\"padding-right:10px\">10:40 \u2013 11:15<\/td>\n      <td>Coffee Break<\/td>\n    <\/tr>\n    <tr>\n      <td nowrap width=\"130\" style=\"padding-right:10px\">12:45 \u2013 14:00<\/td>\n      <td><strong>Stand Up Lunch at Exhibition Area<\/strong><\/td>\n    <\/tr>\n    <tr>\n      <td nowrap width=\"130\" style=\"padding-right:10px\">16:00 \u2013 16:30<\/td>\n      <td>Coffee Break<\/td>\n    <\/tr>\n    <tr>\n      <td nowrap width=\"130\" style=\"padding-right:10px\">18:00 \u2013 19:00<\/td>\n      <td><strong>Final Session Happy Hour (Pre-Game World Cup Concept)<\/strong><\/td>\n    <\/tr>\n  <\/tbody>\n<\/table>\n\n<\/body>\n<\/html>\t\t\t\t<\/div>\n\t\t\t\t\t<\/div>\n\t\t\t\t<\/div>\n\t\t\t\t<\/div>\n\t\t<div id=\"e-n-tab-content-482384752\" role=\"tabpanel\" aria-labelledby=\"e-n-tab-title-482384752\" data-tab-index=\"2\" style=\"--n-tabs-title-order: 2;\" class=\" elementor-element elementor-element-72ab53d e-con-full e-flex e-con e-child\" data-id=\"72ab53d\" data-element_type=\"container\" data-e-type=\"container\" data-settings=\"{&quot;background_background&quot;:&quot;classic&quot;}\">\n\t\t<div class=\"elementor-element elementor-element-9795fdb e-flex e-con-boxed e-con e-child\" data-id=\"9795fdb\" data-element_type=\"container\" data-e-type=\"container\" data-settings=\"{&quot;background_background&quot;:&quot;classic&quot;}\">\n\t\t\t\t\t<div class=\"e-con-inner\">\n\t\t\t\t<div class=\"elementor-element elementor-element-fe49722 elementor-widget elementor-widget-html\" data-id=\"fe49722\" data-element_type=\"widget\" data-e-type=\"widget\" data-widget_type=\"html.default\">\n\t\t\t\t\t<!DOCTYPE html>\n<html>\n<body>\n\n<table border=\"1\" cellpadding=\"5\" cellspacing=\"0\">\n\n  <tbody>\n    <tr>\n      <td width=\"12%\">07:30 \u2013 16:30<\/td>\n      <td>Registration<\/td>\n    <\/tr>\n    <tr>\n      <td>08:50 \u2013 09:20<\/td>\n      <td>\n        <strong>Opening Ceremony<\/strong><br><br>\n        <ul>\n          <li>Presentation: Peter Cerd\u00e1, Executive Director and CEO \/ ALTA, and Regional Vice President, Americas \/ IATA<\/li>\n          <li>Speech: Argentinian authority<\/li>\n          <li>Speech: Argentinian authority<\/li>\n        <\/ul>\n      <\/td>\n    <\/tr>\n    <tr>\n      <td>09:20 \u2013 10:00<\/td>\n      <td>\n        <strong>Panel: Inside Argentinian Skies \u2013 Risks, Growth, and Readiness<\/strong><br><br>\n        <strong>Moderator:<\/strong> Maria Jos\u00e9 Taveira, Country Manager Argentina \/ IATA<br><br>\n        <strong>Panelists:<\/strong>\n        <ul>\n          <li>Aerol\u00edneas Argentinas: TBC<\/li>\n          <li>Flybondi: Capt. Fabian Perez, Senior Safety Manager<\/li>\n          <li>JetSMART: Rodrigo Barrios Georgi, Chief Operating Officer<\/li>\n          <li>Argentinian authority<\/li>\n          <li>Aeropuertos Argentina<\/li>\n        <\/ul>\n      <\/td>\n    <\/tr>\n    <tr>\n      <td>10:00 \u2013 10:25<\/td>\n      <td>\n        <strong>Fireside Chat: Shaping the Future of Operational Safety in LATAM &amp; the Caribbean \u2013 Airspace Complexity, Infrastructure Gaps &amp; Regional Resilience<\/strong><br><br>\n        <ul>\n          <li>Alex de Gunten, Sr VP Government and Industry Affairs \/ HEICO Corporation<\/li>\n          <li>TBC<\/li>\n        <\/ul>\n      <\/td>\n    <\/tr>\n    <tr>\n      <td>10:25 \u2013 11:05<\/td>\n      <td>Coffee break <\/td>\n    <\/tr>\n    <tr>\n      <td>11:05 \u2013 11:30<\/td>\n      <td>\n        <strong>Presentation: Enhancing Airport Operational Safety Through AI-Enabled Drone Operations<\/strong><br><br>\n        <strong>Speaker:<\/strong> Aeropuertos Argentina\n      <\/td>\n    <\/tr>\n    <tr>\n      <td>11:30 \u2013 12:10<\/td>\n      <td>\n        <strong>Panel: Safe Sustainability \u2013 Integrating Environmental Goals into Flight Operations<\/strong><br><br>\n        <strong>Moderator:<\/strong> Jaime Abigantus, Assistant Director Air Traffic Management \/ IATA<br><br>\n        <strong>Panelists:<\/strong>\n        <ul>\n          <li>Director of Safety<\/li>\n          <li>Director of Flight Operations<\/li>\n          <li>Billy Nolen, Chief Regulatory Affairs \/ Archer<\/li>\n        <\/ul>\n      <\/td>\n    <\/tr>\n    <tr>\n      <td>12:10 \u2013 12:35<\/td>\n      <td>\n        <strong>Fireside Chat: Just Culture in Practice \u2013 From Policy to Real Decision-Making<\/strong><br><br>\n        <ul>\n          <li>Katherine Andrea Lemos, Ph.D., Principal \/ DaVinci Tech Performance LLC<\/li>\n          <li>Stephen Hough, Principal Consultant \/ Baines Simmons<\/li>\n        <\/ul>\n      <\/td>\n    <\/tr>\n    <tr>\n      <td>12:35 \u2013 14:00<\/td>\n      <td>Lunch<br>Sponsored by Boeing<\/td>\n    <\/tr>\n    <tr>\n      <td>14:00 \u2013 14:45<\/td>\n      <td>\n        <strong>Panel: Regulatory Perspectives \u2013 Addressing Emerging Risks and Strengthening Oversight Effectiveness<\/strong><br><br>\n        <strong>Moderator:<\/strong> TBC<br><br>\n        <strong>Panelists:<\/strong>\n        <ul>\n          <li>Tim Adams, Flight Standards Office \/ Federal Aviation Administration<\/li>\n          <li>Alfonso Arroyo, Representative in Latin America and Caribbean \/ EASA<\/li>\n          <li>Bernardo Tomaz de Castro, Director, Safety Office \/ ANAC Brazil<\/li>\n          <li>CAA<\/li>\n        <\/ul>\n      <\/td>\n    <\/tr>\n    <tr>\n      <td>14:45 \u2013 15:25<\/td>\n      <td>\n        <strong>Panel: Turbulence, Climate Change &amp; Extreme Weather \u2013 What Does the New Risk Landscape Demand?<\/strong><br><br>\n        <strong>Moderator:<\/strong> TBC<br><br>\n        <strong>Panelists:<\/strong>\n        <ul>\n          <li>Capt. Fernando Castillo, Safety &amp; Security Manager \/ Aerol\u00edneas Argentinas<\/li>\n          <li>Director of Safety<\/li>\n          <li>Capt. Wendy Morse, First Vice President \/ Air Line Pilots Association (ALPA)<\/li>\n          <li>CANSO<\/li>\n        <\/ul>\n      <\/td>\n    <\/tr>\n    <tr>\n      <td>15:25 \u2013 16:10<\/td>\n      <td>Coffee break<\/td>\n    <\/tr>\n    <tr>\n      <td>16:10 \u2013 16:30<\/td>\n      <td>\n        <strong>Presentation: Flying for Safety (an experienced Boeing Captain sharing her trajectory)<\/strong><br><br>\n        <strong>Speaker:<\/strong> Capt. Heather Ross, Experimental Test Pilot \/ Boeing\n      <\/td>\n    <\/tr>\n    <tr>\n      <td>16:30 \u2013 17:10<\/td>\n      <td>\n        <strong>Panel: Harmonizing Aviation Training Regulations in Latin America \u2013 Challenges and Opportunities<\/strong><br><br>\n        <strong>Moderator:<\/strong> TBC<br><br>\n        <strong>Speakers:<\/strong>\n        <ul>\n          <li>ICAO SAM\/SRVSOP<\/li>\n          <li>ICAO NACC<\/li>\n          <li>Training provider<\/li>\n          <li>Capt. Jorge Reyes Bonilla, Director of Training \/ Copa Airlines<\/li>\n        <\/ul>\n      <\/td>\n    <\/tr>\n    <tr>\n      <td>17:10 \u2013 17:40<\/td>\n      <td>\n        <strong>Special Presentation: The Next Frontier of Aviation \u2013 Technology, Innovation and Strategic Transformation in Aerospace<\/strong><br><br>\n        <strong>Speaker:<\/strong> Lu\u00eds Carlos Affonso, Chief Technology Officer \/ Embraer\n      <\/td>\n    <\/tr>\n    <tr>\n      <td>19:30 \u2013 21:30<\/td>\n      <td>Welcome Cocktail<br>Sponsored by Airbus<\/td>\n    <\/tr>\n  <\/tbody>\n<\/table>\n\n<\/body>\n<\/html>\t\t\t\t<\/div>\n\t\t\t\t\t<\/div>\n\t\t\t\t<\/div>\n\t\t\t\t<\/div>\n\t\t<div id=\"e-n-tab-content-482384753\" role=\"tabpanel\" aria-labelledby=\"e-n-tab-title-482384753\" data-tab-index=\"3\" style=\"--n-tabs-title-order: 3;\" class=\" elementor-element elementor-element-9c64335 e-con-full e-flex e-con e-child\" data-id=\"9c64335\" data-element_type=\"container\" data-e-type=\"container\" data-settings=\"{&quot;background_background&quot;:&quot;classic&quot;}\">\n\t\t<div class=\"elementor-element elementor-element-a75b164 e-flex e-con-boxed e-con e-child\" data-id=\"a75b164\" data-element_type=\"container\" data-e-type=\"container\" data-settings=\"{&quot;background_background&quot;:&quot;classic&quot;}\">\n\t\t\t\t\t<div class=\"e-con-inner\">\n\t\t\t\t<div class=\"elementor-element elementor-element-55f5f0a elementor-widget elementor-widget-html\" data-id=\"55f5f0a\" data-element_type=\"widget\" data-e-type=\"widget\" data-widget_type=\"html.default\">\n\t\t\t\t\t<!DOCTYPE html>\n<html>\n<body>\n\n<table border=\"1\" cellpadding=\"5\" cellspacing=\"0\">\n  <thead>\n\n  <\/thead>\n  <tbody>\n    <tr>\n      <td>07:00 \u2013 08:30<\/td>\n      <td>Registration<\/td>\n    <\/tr>\n    <tr>\n      <td>07:45 \u2013 09:00<\/td>\n      <td>Networking Breakfast <\/td>\n    <\/tr>\n    <tr>\n      <td>09:00 \u2013 09:40<\/td>\n      <td>\n        <strong>Special Presentation: Leadership from the Flight Deck to the Boardroom \u2013 Lessons Shaping the Future of Aviation Safety<\/strong><br><br>\n        <strong>Speaker:<\/strong> TBC\n      <\/td>\n    <\/tr>\n    <tr>\n      <td>09:40 \u2013 10:20<\/td>\n      <td>\n        <strong>Panel: OEM Perspectives \u2013 Innovation, Reliability and the Future of Aircraft Operations<\/strong><br><br>\n        <strong>Moderator:<\/strong> Gerardo Hueto, Director of Safety \/ Flight Safety Foundation<br><br>\n        <strong>Panelists:<\/strong>\n        <ul>\n          <li>Airbus: Rodolfo Quevedo, FRAeS, Regional Safety Director, Americas<\/li>\n          <li>ATR:<\/li>\n          <li>Boeing:<\/li>\n          <li>Embraer: Luis Augusto Bastos Telles Nunes<\/li>\n        <\/ul>\n      <\/td>\n    <\/tr>\n    <tr>\n      <td>10:20 \u2013 11:00<\/td>\n      <td>Coffee break<\/td>\n    <\/tr>\n    <tr>\n      <td>11:00 \u2013 11:45<\/td>\n      <td>\n        <strong>Panel: From the Front Line \u2013 Airline Safety Directors on Today's Operational Risks<\/strong><br><br>\n        <strong>Moderator:<\/strong> TBC<br><br>\n        <strong>Speakers:<\/strong>\n        <ul>\n          <li>Director of Safety \u2013 Infrastructure<\/li>\n          <li>Director of Safety \u2013 Bird Strikes<\/li>\n          <li>Capt. \u00c1ngel Dom\u00ednguez Catz\u00edn, President \/ Colegio de Pilotos Aviadores de M\u00e9xico<\/li>\n          <li>Capt. Daniel Bianco, Executive Vice President da Sudamerica \/ IFALPA<\/li>\n          <li>ABEAR (Brazilian Airlines Case Study)<\/li>\n        <\/ul>\n      <\/td>\n    <\/tr>\n    <tr>\n      <td>11:45 \u2013 12:10<\/td>\n      <td>\n        <strong>Presentation: Preventive Risk Assessment in Airline Operations \u2013 Using Data and AI to Anticipate Safety Threats<\/strong><br><br>\n        <strong>Speakers:<\/strong>\n        <ul>\n          <li>Ricardo Castro Valdivieso, Head of Safety Analytics \/ LATAM Airlines Group<\/li>\n          <li>Francisco Camilo Mena Gonz\u00e1lez, Senior Data Scientist \/ LATAM Airlines Group<\/li>\n        <\/ul>\n      <\/td>\n    <\/tr>\n    <tr>\n      <td>12:10 \u2013 12:50<\/td>\n      <td>\n        <strong>Panel: Crisis Communications &amp; Emergency Response \u2013 Strengthening the Aviation Industry's Collective Response<\/strong><br><br>\n        <strong>Moderator:<\/strong> Gianfranco Beting, CEO \/ JETGROUP<br><br>\n        <strong>Panelists:<\/strong>\n        <ul>\n          <li>CAA<\/li>\n          <li>Director of Safety<\/li>\n          <li>Markus Ruediger, Assistant Director Corporate Communications \/ IATA<\/li>\n          <li>Waleska Fortini, Emergency Response Manager \/ LATAM Airlines Group<\/li>\n        <\/ul>\n      <\/td>\n    <\/tr>\n    <tr>\n      <td>12:50 \u2013 13:00<\/td>\n      <td>Closing remarks<\/td>\n    <\/tr>\n  <\/tbody>\n<\/table>\n\n<\/body>\n<\/html>\t\t\t\t<\/div>\n\t\t\t\t\t<\/div>\n\t\t\t\t<\/div>\n\t\t\t\t<\/div>\n\t\t\t\t\t<\/div>\n\t\t<\/div>\n\t\t\t\t\t\t<\/div>\n\t\t\t\t\t<\/div>\n\t\t\t\t<\/div>\n\t\t\t\t<\/div>\n\t\t","protected":false},"excerpt":{"rendered":"<p>The ALTA Aviation Safety, Flight Ops and Training Summit 2026 will provide the platform for reflection, collaboration, and the implementation of solutions that ensure safe, sustainable, and forward-looking air transport, always keeping humans at the heart of safety and operational excellence.<\/p>\n","protected":false},"author":1,"featured_media":183,"parent":0,"menu_order":0,"comment_status":"closed","ping_status":"closed","template":"","meta":{"footnotes":""},"class_list":["post-316","page","type-page","status-publish","has-post-thumbnail","hentry"],"_links":{"self":[{"href":"https:\/\/alta.aero\/safety\/2026\/wp-json\/wp\/v2\/pages\/316","targetHints":{"allow":["GET"]}}],"collection":[{"href":"https:\/\/alta.aero\/safety\/2026\/wp-json\/wp\/v2\/pages"}],"about":[{"href":"https:\/\/alta.aero\/safety\/2026\/wp-json\/wp\/v2\/types\/page"}],"author":[{"embeddable":true,"href":"https:\/\/alta.aero\/safety\/2026\/wp-json\/wp\/v2\/users\/1"}],"replies":[{"embeddable":true,"href":"https:\/\/alta.aero\/safety\/2026\/wp-json\/wp\/v2\/comments?post=316"}],"version-history":[{"count":40,"href":"https:\/\/alta.aero\/safety\/2026\/wp-json\/wp\/v2\/pages\/316\/revisions"}],"predecessor-version":[{"id":1219,"href":"https:\/\/alta.aero\/safety\/2026\/wp-json\/wp\/v2\/pages\/316\/revisions\/1219"}],"wp:featuredmedia":[{"embeddable":true,"href":"https:\/\/alta.aero\/safety\/2026\/wp-json\/wp\/v2\/media\/183"}],"wp:attachment":[{"href":"https:\/\/alta.aero\/safety\/2026\/wp-json\/wp\/v2\/media?parent=316"}],"curies":[{"name":"wp","href":"https:\/\/api.w.org\/{rel}","templated":true}]}}